{"id":2046,"date":"2016-02-09T17:39:03","date_gmt":"2016-02-09T16:39:03","guid":{"rendered":"https:\/\/fpf.lu\/unsere-dienstleistungen\/"},"modified":"2024-09-23T15:13:16","modified_gmt":"2024-09-23T13:13:16","slug":"unsere-dienstleistungen","status":"publish","type":"page","link":"https:\/\/fpf.lu\/de\/unsere-dienstleistungen\/","title":{"rendered":"UNSERE DIENSTLEISTUNGEN"},"content":{"rendered":"<div class=\"fusion-fullwidth fullwidth-box fusion-builder-row-1 fusion-flex-container nonhundred-percent-fullwidth non-hundred-percent-height-scrolling\" style=\"--awb-background-position:left top;--awb-border-sizes-top:0px;--awb-border-sizes-bottom:0px;--awb-border-sizes-left:0px;--awb-border-sizes-right:0px;--awb-border-radius-top-left:0px;--awb-border-radius-top-right:0px;--awb-border-radius-bottom-right:0px;--awb-border-radius-bottom-left:0px;--awb-padding-top:90px;--awb-padding-right:15%;--awb-padding-bottom:105px;--awb-padding-left:15%;--awb-flex-wrap:wrap;\" ><div class=\"fusion-builder-row fusion-row fusion-flex-align-items-flex-start fusion-flex-content-wrap\" style=\"max-width:1144px;margin-left: calc(-4% \/ 2 );margin-right: calc(-4% \/ 2 );\"><div class=\"fusion-layout-column fusion_builder_column fusion-builder-column-0 fusion_builder_column_1_1 1_1 fusion-flex-column fusion-flex-align-self-flex-start fusion-column-no-min-height\" style=\"--awb-bg-size:cover;--awb-width-large:100%;--awb-margin-top-large:0px;--awb-spacing-right-large:1.92%;--awb-margin-bottom-large:0px;--awb-spacing-left-large:1.92%;--awb-width-medium:100%;--awb-spacing-right-medium:1.92%;--awb-spacing-left-medium:1.92%;--awb-width-small:100%;--awb-spacing-right-small:1.92%;--awb-spacing-left-small:1.92%;\"><div class=\"fusion-column-wrapper fusion-flex-justify-content-flex-start fusion-content-layout-column\"><div class=\"fusion-text fusion-text-1\"><h3><b>UNSERE DIENSTLEISTUNGEN<\/b>:<\/h3>\n<\/div><div class=\"fusion-text fusion-text-2\"><p class=\"p1\"><span class=\"s1\">W\u00e4hrend sich die T\u00e4tigkeit eines Bestattungsunternehmens in der Vergangenheit darauf beschr\u00e4nkte, den Sarg bereitzustellen und die verstorbene Person zum Friedhof zu bringen, werden die Dienstleistungen heute zunehmend als Komplettpaket angeboten, das auf die Bed\u00fcrfnisse der Kunden zugeschnitten ist.<\/span><\/p>\n<p class=\"p1\"><span class=\"s1\">Der Tod eines nahestehenden Menschen ist vor allem ein schwieriges und schmerzhaftes Ereignis. Daher bieten Bestattungsunternehmen ab dem ersten Kontakt mit den trauernden Familien eine Betreuung vor Ort durch Personal mit langj\u00e4hriger Erfahrung an. <\/span><\/p>\n<p class=\"p1\"><span class=\"s1\">Bei einem Todesfall k\u00f6nnen Bestattungsunternehmen alle Formalit\u00e4ten erledigen, darunter das Ausf\u00fcllen des Fragebogens f\u00fcr die Ausstellung von Sterbeurkunden, die Beantragung der Ein\u00e4scherungsgenehmigung (falls eine Ein\u00e4scherung gew\u00fcnscht wird) und die notwendigen Informationen f\u00fcr die Beerdigung. Um einen optimalen Ablauf zu gew\u00e4hrleisten, ben\u00f6tigen die Bestattungsunternehmen entweder das Familienbuch, eine Heiratsurkunde oder eine Geburtsurkunde, wenn die verstorbene Person ledig war. Was den Antrag auf Genehmigung der Ein\u00e4scherung betrifft, so kann nur der \u00fcberlebende Ehepartner, ein Verwandter ersten Grades oder, falls nicht vorhanden, ein Verwandter anderen Grades (Tante, Onkel, Nichte, Neffe&#8230;) die Unterschrift f\u00fcr dieses Dokument leisten, wenn keine Patientenverf\u00fcgung bei einem Pflegeheim, einem Arzt des Vertrauens, einer bestimmten Organisation oder einem Bestattungsunternehmen vorliegt.  <\/span><\/p>\n<p class=\"p1\"><span class=\"s1\">Die Auswahl des Sarges und\/oder der Urne erfolgt dann per Katalog oder direkt in den R\u00e4umlichkeiten des Bestattungsunternehmens.<\/span><\/p>\n<p class=\"p1\"><span class=\"s1\">Die Beisetzung oder Ein\u00e4scherung wird gemeinsam geplant, wobei versucht wird, den W\u00fcnschen der Familie so gut wie m\u00f6glich zu entsprechen unter Einhaltung des gesetzlichen Rahmens.<\/span><\/p>\n<p class=\"p1\"><span class=\"s1\">Das luxemburgische Gesetz schreibt zwar vor, dass die Beerdigung oder Ein\u00e4scherung innerhalb von 72 Stunden nach dem Tod stattfinden muss, erlaubt uns jedoch, beim Gesundheitsministerium, Abteilung Gesundheitsaufsicht, eine Verl\u00e4ngerung von bis zu f\u00fcnf Werktagen zu beantragen, was der Familie mehr Flexibilit\u00e4t verleiht.<\/span><\/p>\n<p class=\"p1\"><span class=\"s1\">Ein Vertreter eines Bestattungsunternehmens kann sich auch mit dem Pfarrer der Wohngemeinde, einem Diakon oder einem Beamten der Beerdigungsgemeinde in Verbindung setzen, wenn es sich um eine zivile Zeremonie handelt.<span class=\"Apple-converted-space\">  <\/span>Dar\u00fcber hinaus kann er sich an die Psychologische Unterst\u00fctzungsgruppe (PSG) des Zivilschutzes oder je nach Fall an \u201eOmega 90\u201c, \u201eWeesen-Elteren\u201c oder eine andere Vereinigung wenden. Au\u00dferdem kann er den Kontakt zu einem vertrauensw\u00fcrdigen Steinmetzer und Floristen herstellen oder eine Empfehlung aussprechen. Dar\u00fcber hinaus kann er sich um Todesanzeigen und deren Ver\u00f6ffentlichung in lokalen oder ausl\u00e4ndischen Zeitungen k\u00fcmmern.   <\/span><\/p>\n<p class=\"p1\"><span class=\"s1\">Es sei darauf hingewiesen, dass einige Bestattungsunternehmen \u00fcber qualifiziertes Personal verf\u00fcgen, um eine Leichenpr\u00e4paration vorzunehmen, die dem Toten ein pr\u00e4sentables Aussehen verleiht. Es versteht sich von selbst, dass das Waschen des K\u00f6rpers und das Ankleiden von allen Bestattungsunternehmen \u00fcbernommen werden. <\/span><\/p>\n<p class=\"p1\"><span class=\"s1\">Obwohl es w\u00e4hrend der Abschiedszeremonie auf dem Friedhof verboten ist, die sterblichen \u00dcberreste im offenen Sarg zur Schau zu stellen, bitten immer mehr Familien darum, ihren Angeh\u00f6rigen mit offenem Sarg an einem daf\u00fcr vorgesehenen Ort zu bedenken. Diese Tradition, die in der Mentalit\u00e4t der Luxemburger ein wenig verloren gegangen war, wird nun wiederbelebt. Dies ist ein Zeichen daf\u00fcr, dass sich unser Verh\u00e4ltnis zum Tod \u00e4ndert, d. h. dass der Tod kein Tabu mehr ist, sondern ein Thema, das uns alle angeht.  <\/span><\/p>\n<p class=\"p1\"><span class=\"s1\">Bestattungsunternehmen sind heute die erste Anlaufstelle im Todesfall und tun alles, um die trauernden Familien zu unterst\u00fctzen.<\/span><\/p>\n<\/div><div class=\"fusion-separator fusion-full-width-sep\" style=\"align-self: center;margin-left: auto;margin-right: auto;margin-top:35px;margin-bottom:55px;width:100%;\"><div class=\"fusion-separator-border sep-single sep-solid\" style=\"--awb-height:20px;--awb-amount:20px;--awb-sep-color:#e0e0e0;border-color:#e0e0e0;border-top-width:1px;\"><\/div><\/div><\/div><\/div><\/div><\/div>\n","protected":false},"excerpt":{"rendered":"","protected":false},"author":1,"featured_media":0,"parent":0,"menu_order":0,"comment_status":"closed","ping_status":"closed","template":"","meta":{"_bbp_topic_count":0,"_bbp_reply_count":0,"_bbp_total_topic_count":0,"_bbp_total_reply_count":0,"_bbp_voice_count":0,"_bbp_anonymous_reply_count":0,"_bbp_topic_count_hidden":0,"_bbp_reply_count_hidden":0,"_bbp_forum_subforum_count":0,"_exactmetrics_skip_tracking":false,"_exactmetrics_sitenote_active":false,"_exactmetrics_sitenote_note":"","_exactmetrics_sitenote_category":0,"footnotes":""},"class_list":["post-2046","page","type-page","status-publish","hentry"],"_links":{"self":[{"href":"https:\/\/fpf.lu\/de\/wp-json\/wp\/v2\/pages\/2046","targetHints":{"allow":["GET"]}}],"collection":[{"href":"https:\/\/fpf.lu\/de\/wp-json\/wp\/v2\/pages"}],"about":[{"href":"https:\/\/fpf.lu\/de\/wp-json\/wp\/v2\/types\/page"}],"author":[{"embeddable":true,"href":"https:\/\/fpf.lu\/de\/wp-json\/wp\/v2\/users\/1"}],"replies":[{"embeddable":true,"href":"https:\/\/fpf.lu\/de\/wp-json\/wp\/v2\/comments?post=2046"}],"version-history":[{"count":10,"href":"https:\/\/fpf.lu\/de\/wp-json\/wp\/v2\/pages\/2046\/revisions"}],"predecessor-version":[{"id":2205,"href":"https:\/\/fpf.lu\/de\/wp-json\/wp\/v2\/pages\/2046\/revisions\/2205"}],"wp:attachment":[{"href":"https:\/\/fpf.lu\/de\/wp-json\/wp\/v2\/media?parent=2046"}],"curies":[{"name":"wp","href":"https:\/\/api.w.org\/{rel}","templated":true}]}}